{"id":28,"date":"2023-04-30T14:18:28","date_gmt":"2023-04-30T12:18:28","guid":{"rendered":"https:\/\/comitesolarien.fr\/?page_id=28"},"modified":"2023-06-21T22:40:39","modified_gmt":"2023-06-21T20:40:39","slug":"adhesion","status":"publish","type":"page","link":"https:\/\/comitesolarien.fr\/?page_id=28","title":{"rendered":"Adh\u00e9sion"},"content":{"rendered":"\n<div class=\"wp-block-cover alignfull is-light\"><span aria-hidden=\"true\" class=\"wp-block-cover__background has-background-dim\"><\/span><img loading=\"lazy\" decoding=\"async\" width=\"2480\" height=\"1293\" class=\"wp-block-cover__image-background wp-image-49\" alt=\"\" src=\"https:\/\/comitesolarien.fr\/wp-content\/uploads\/2023\/06\/Sans-titre-5.png\" data-object-fit=\"cover\" srcset=\"https:\/\/comitesolarien.fr\/wp-content\/uploads\/2023\/06\/Sans-titre-5.png 2480w, https:\/\/comitesolarien.fr\/wp-content\/uploads\/2023\/06\/Sans-titre-5-300x156.png 300w, https:\/\/comitesolarien.fr\/wp-content\/uploads\/2023\/06\/Sans-titre-5-1024x534.png 1024w, https:\/\/comitesolarien.fr\/wp-content\/uploads\/2023\/06\/Sans-titre-5-768x400.png 768w, https:\/\/comitesolarien.fr\/wp-content\/uploads\/2023\/06\/Sans-titre-5-1536x801.png 1536w, https:\/\/comitesolarien.fr\/wp-content\/uploads\/2023\/06\/Sans-titre-5-2048x1068.png 2048w\" sizes=\"auto, (max-width: 2480px) 100vw, 2480px\" \/><div class=\"wp-block-cover__inner-container is-layout-flow wp-block-cover-is-layout-flow\">\n<p class=\"has-text-align-center has-large-font-size\"><\/p>\n<\/div><\/div>\n\n\n\n<p class=\"has-text-align-center has-x-large-font-size\"><strong>Pour adh\u00e9rer \u00e0 l&rsquo;association, deux solutions !<\/strong><\/p>\n\n\n\n<p class=\"has-medium-font-size\"> T\u00e9l\u00e9charger le bulletin d&rsquo;adh\u00e9sion ci-dessous (qui contient \u00e9galement les acceptations au droit \u00e0 l&rsquo;image et au traitement des donn\u00e9es personnelles RGPD), le remplir et nous le renvoyer sign\u00e9 accompagn\u00e9 de la cotisation choisie.<\/p>\n\n\n\n<p class=\"has-text-align-center has-x-large-font-size\"><strong>Ou<\/strong><\/p>\n\n\n\n<p>Adh\u00e9rer et payer votre cotisation en ligne via le lien ci-dessous.<\/p>\n\n\n<div class=\"widget_text widget widget_custom_html\"><div class=\"textwidget custom-html-widget\"><p align=\"center\">\n<iframe id=\"haWidget\" allowtransparency=\"true\" src=\"https:\/\/www.helloasso.com\/associations\/comite-des-fetes-solarien\/adhesions\/adhesion\/widget-vignette\" style=\"width: 350px; height: 450px; border: none;\"><\/iframe>\n<\/p><\/div><\/div>\n\n\n<div data-wp-interactive=\"core\/file\" class=\"wp-block-file\"><object data-wp-bind--hidden=\"!state.hasPdfPreview\" hidden class=\"wp-block-file__embed\" data=\"https:\/\/comitesolarien.fr\/wp-content\/uploads\/2023\/04\/Buletin-adhesion.pdf\" type=\"application\/pdf\" style=\"width:100%;height:600px\" aria-label=\"Contenu embarqu\u00e9 Bulletin adh\u00e9sion.\"><\/object><a id=\"wp-block-file--media-1a350f35-0fe7-4e85-8da9-3d771bb5b44b\" href=\"https:\/\/comitesolarien.fr\/wp-content\/uploads\/2023\/04\/Buletin-adhesion.pdf\">Bulletin adh\u00e9sion<\/a><a href=\"https:\/\/comitesolarien.fr\/wp-content\/uploads\/2023\/04\/Buletin-adhesion.pdf\" class=\"wp-block-file__button wp-element-button\" download aria-describedby=\"wp-block-file--media-1a350f35-0fe7-4e85-8da9-3d771bb5b44b\">T\u00e9l\u00e9charger<\/a><\/div>\n","protected":false},"excerpt":{"rendered":"<p>Pour adh\u00e9rer \u00e0 l&rsquo;association, deux solutions ! T\u00e9l\u00e9charger le bulletin d&rsquo;adh\u00e9sion ci-dessous (qui contient \u00e9galement les acceptations au droit \u00e0 l&rsquo;image et au traitement des donn\u00e9es personnelles RGPD), le remplir [&hellip;]<\/p>\n","protected":false},"author":1,"featured_media":0,"parent":0,"menu_order":0,"comment_status":"closed","ping_status":"closed","template":"","meta":{"_EventAllDay":false,"_EventTimezone":"","_EventStartDate":"","_EventEndDate":"","_EventStartDateUTC":"","_EventEndDateUTC":"","_EventShowMap":false,"_EventShowMapLink":false,"_EventURL":"","_EventCost":"","_EventCostDescription":"","_EventCurrencySymbol":"","_EventCurrencyCode":"","_EventCurrencyPosition":"","_EventDateTimeSeparator":"","_EventTimeRangeSeparator":"","_EventOrganizerID":[],"_EventVenueID":[],"_OrganizerEmail":"","_OrganizerPhone":"","_OrganizerWebsite":"","_VenueAddress":"","_VenueCity":"","_VenueCountry":"","_VenueProvince":"","_VenueState":"","_VenueZip":"","_VenuePhone":"","_VenueURL":"","_VenueStateProvince":"","_VenueLat":"","_VenueLng":"","_VenueShowMap":false,"_VenueShowMapLink":false,"footnotes":""},"class_list":["post-28","page","type-page","status-publish","hentry"],"_links":{"self":[{"href":"https:\/\/comitesolarien.fr\/index.php?rest_route=\/wp\/v2\/pages\/28","targetHints":{"allow":["GET"]}}],"collection":[{"href":"https:\/\/comitesolarien.fr\/index.php?rest_route=\/wp\/v2\/pages"}],"about":[{"href":"https:\/\/comitesolarien.fr\/index.php?rest_route=\/wp\/v2\/types\/page"}],"author":[{"embeddable":true,"href":"https:\/\/comitesolarien.fr\/index.php?rest_route=\/wp\/v2\/users\/1"}],"replies":[{"embeddable":true,"href":"https:\/\/comitesolarien.fr\/index.php?rest_route=%2Fwp%2Fv2%2Fcomments&post=28"}],"version-history":[{"count":2,"href":"https:\/\/comitesolarien.fr\/index.php?rest_route=\/wp\/v2\/pages\/28\/revisions"}],"predecessor-version":[{"id":50,"href":"https:\/\/comitesolarien.fr\/index.php?rest_route=\/wp\/v2\/pages\/28\/revisions\/50"}],"wp:attachment":[{"href":"https:\/\/comitesolarien.fr\/index.php?rest_route=%2Fwp%2Fv2%2Fmedia&parent=28"}],"curies":[{"name":"wp","href":"https:\/\/api.w.org\/{rel}","templated":true}]}}